{"id":5529,"date":"2016-03-15T19:56:08","date_gmt":"2016-03-15T17:56:08","guid":{"rendered":"http:\/\/www.diejuniors.com\/?page_id=5529"},"modified":"2018-05-19T09:27:40","modified_gmt":"2018-05-19T07:27:40","slug":"wie-entsteht-ein-reisebericht","status":"publish","type":"page","link":"https:\/\/www.diejuniors.com\/?page_id=5529","title":{"rendered":"Wie ein Reisebericht entsteht"},"content":{"rendered":"<p>Ihr m\u00f6chtet gern wissen, wie unsere Reiseberichte entstehen? Wir haben auf dieser Seite die verschiedenen Fragen aufgegriffen und im Detail den Entstehungsprozess und auch unsere Ausr\u00fcstung zusammengefasst. Viel Spa\u00df dabei.<\/p>\n<h2><strong>Wie entsteht ein Reisebericht:<\/strong><\/h2>\n<p>&nbsp;<\/p>\n<p><strong>Frage: Wie lange ben\u00f6tigt Ihr f\u00fcr eine Epsiode?<\/strong><\/p>\n<p>Das h\u00e4ngt nat\u00fcrlich stark vom gezeigten Inhalt ab. Durchschnittlich kann man aber insgesamt von\u00a0zehn bis\u00a0zw\u00f6lf Stunden Arbeit je Episode ausgehen (inklusive Postproduktion, Artikelerstellung und Ver\u00f6ffentlichung bei Youtube, Facebook und auf der Website).<\/p>\n<p>&nbsp;<\/p>\n<p><strong>Frage: Was meint Ihr mit Postproduktion ?<\/strong><\/p>\n<p>Vereinfacht gesagt k\u00f6nnte man ja meinen, wir nehmen einfach &#8222;wahllos&#8220; die gefilmten Szenen und werfen die in unsere Videobearbeitungssoftware. Ein paar \u00dcberg\u00e4nge dazu, fertig&#8230; ganz so einfach ist es leider nicht. \ud83d\ude09<\/p>\n<p>Es gilt in etwa die Formel: eine Minute fertiger Film entspricht in etwa eine Stunde Bearbeitungszeit. Hier einige Beispiele, wie so eine Episodenerstellung typischerweise abl\u00e4uft:<\/p>\n<p>&nbsp;<\/p>\n<ul>\n<li><strong>Materialsichtung und Strukturierung.<\/strong> Wir haben wesentlich mehr Material zur Verf\u00fcgung, als letztendlich in den Episoden ankommt. Das variiert nat\u00fcrlich von Reise zu Reise, jedoch kann man von einem Verh\u00e4ltlis von 1 zu 7 ausgehen. Hei\u00dft, wenn der fertige Film inklusive aller Folgen 90 Minuten lang ist, dann konnten wir aus einem Fundus von knapp 10 Stunden Rohmaterial sch\u00f6pfen. Wir haben dann hunderte Szenen, die von verschiedenen Kameras aufgezeichnet wurden, mehr oder weniger unsortiert auf der Festplatte. Das kommt daher, dass wir manche Szenen mehrfach filmen (wegen anderer Perspektiven &amp; Stimmungen bzw. um grobe Versprecher rausnehmen). Jede einzelne Szene m\u00fcssen wir nach einer Reise sichten, bewerten und mit Metatags versehen bzw. so strukturieren, dass wir die Szene hinterher auch wiederfinden. Dazu kommen tausende Fotos. Wenn man hier am Anfang nicht ein wenig Struktur und Ordnung in das Chaos bringt, ist man verloren &#8211; und kann so auch keine Geschichte erz\u00e4hlen. Nachdem alles gesichtet, (aus-)sortiert und strukturiert wurde, teilen wir den Reisefilm grob in Epsioden auf und wissen so, welche Folge welche Inhalte haben wird. Klar, das bedeutet, dass wir\u00a0 Euch so manche Szene niemals zeigen k\u00f6nnen, da diese einfach nicht in die Episode passt. Die typischen Luxus-Probleme von Filmemachern. \ud83d\ude09<\/li>\n<\/ul>\n<p>&nbsp;<\/p>\n<ul>\n<li><strong>Grobschnitt<\/strong>. Nun folgt der Grobschnitt der Episode. Wir entscheiden uns hier, welches Material in welcher Reihenfolge und in welchen Rhythmus &amp; Dauer eingef\u00fcgt wird. Der Rhythmus ist dabei ganz entscheident f\u00fcr die Stimmung, die wir erzeugen wollen. Welche Szenen sind wichtig, welche \u00fcberfl\u00fcssig? Wie kurz oder lang zeigen wir welche Szene? Wo setzen wir einen J- oder L-Schnitt an (Vereinfacht: Der Ton der n\u00e4chsten Szene ist schon zu h\u00f6ren, das gezeigte Bild stammt noch von der vorherigen Szene &#8211; oder anders herum). Wann brauchen wir einen Kommentar von uns? Dabei muss man wissen, wir kommentieren viel \u00f6fter in die Kamera, als Ihr es hinterher zu sehen bekommt. So benutzen wir diese Kommentierungen nur dann, wenn die Bilder nicht f\u00fcr sich selbst sprechen bzw. ein Kommentar in den Rhythmus passen w\u00fcrde.<\/li>\n<\/ul>\n<p>&nbsp;<\/p>\n<ul>\n<li><strong>\u00a0Atmo &amp; Musikauswahl<\/strong>. Ganz entscheident ist die Atmo &amp; Musikauswahl. Das sch\u00f6nste Bildmaterial n\u00fctzt nichts, wenn fiese Nebenger\u00e4usche die Szene sprengen oder die Musik nicht passt. Mit Musik kann man exakt die richtige Stimmung erzeugen, die man m\u00f6chte (oder auch die komplette Szene ruinieren). Wenn man die richtige Musik im richtigen Tempo gefunden hat, wird das dem Grobschnitt angepasst. Das kann das ganze geh\u00f6rig durcheinander w\u00fcrfeln, so dass ganze Szenen eventuell wieder ausgetauscht oder umsortiert werden &#8211; damit es eben \u00fcberall zur gewollten Stimmung passt. Au\u00dferdem wird der von der Kamera aufgezeichnete Ton (Atmo) nun komplett, teilweise oder gar nicht hinzugemischt. Oder fehlt uns gar ein Kommentar, den wir eventuell nachsprechen m\u00fcssen?<\/li>\n<\/ul>\n<p>&nbsp;<\/p>\n<ul>\n<li><strong>Feinschnitt<\/strong>. Nun geht es um die Details. Die einzelnen Schnitte werden Bild- und Taktgenau geschnitten (ja, richtig gelesen, wir legen viele Schnitte auf den Takt bzw. Wechsel der Musikstimmung). Dabei gilt: Nicht \u00fcbertreiben, es soll nicht unnat\u00fcrlich wirken. Aber grobe Schnitzer m\u00fcssen nun raus. Die Episode sollte nun im Rhythmus, Tempo und &#8222;Spannung&#8220; m\u00f6glichst mehrere &#8222;Wellen&#8220; haben. Also Temporreiche Szenen in Abwechslung mit etwas Entspannung.<\/li>\n<\/ul>\n<p>&nbsp;<\/p>\n<ul>\n<li><strong>Belichtungskorrektur<\/strong>. Unsere Episode ist nun ein gutes St\u00fcck vorangekommen, nun gilt es die Belichtung anzupassen. Wir filmen ja oft mit verschiedenen Kameras in manchmal schwierigen Lichtsituationen. Manche Szenen k\u00f6nnen wir auch nur einmal filmen. Wir haben also gar nicht die Zeit, die Kameras manuell einzustellen, so dass die bestm\u00f6gliche Belichtung schon bei der Aufnahme entsteht. Daf\u00fcr benutzen wir unsere Software Final Cut Pro X. Hier mal ein Vorher \/ Nachher Beispiel einer Belichtungskorrektur.<\/li>\n<\/ul>\n<figure id=\"attachment_4495\" aria-describedby=\"caption-attachment-4495\" style=\"width: 480px\" class=\"wp-caption aligncenter\"><a href=\"http:\/\/www.diejuniors.com\/wp-content\/uploads\/2014\/12\/faq-belichtung3.jpg\"><img loading=\"lazy\" decoding=\"async\" class=\"wp-image-4495 size-medium\" src=\"http:\/\/www.diejuniors.com\/wp-content\/uploads\/2014\/12\/faq-belichtung3-480x270.jpg\" alt=\"faq-belichtung3\" width=\"480\" height=\"270\" srcset=\"https:\/\/www.diejuniors.com\/wp-content\/uploads\/2014\/12\/faq-belichtung3-480x270.jpg 480w, https:\/\/www.diejuniors.com\/wp-content\/uploads\/2014\/12\/faq-belichtung3-1024x576.jpg 1024w, https:\/\/www.diejuniors.com\/wp-content\/uploads\/2014\/12\/faq-belichtung3.jpg 1920w\" sizes=\"auto, (max-width: 480px) 100vw, 480px\" \/><\/a><figcaption id=\"caption-attachment-4495\" class=\"wp-caption-text\">Hier die unbearbeitete Fassung. Die Kamera (Panasonic) hat hier stark \u00fcberbelichtet. Die Farben sind einigerma\u00dfen ok, aber die in Wirklichkeit dunkle Mur\u00e4ne kommt nicht zur Geltung.<\/figcaption><\/figure>\n<p>&nbsp;<\/p>\n<figure id=\"attachment_4498\" aria-describedby=\"caption-attachment-4498\" style=\"width: 480px\" class=\"wp-caption aligncenter\"><a href=\"http:\/\/www.diejuniors.com\/wp-content\/uploads\/2014\/12\/faq-belichtung6.jpg\"><img loading=\"lazy\" decoding=\"async\" class=\"wp-image-4498 size-medium\" src=\"http:\/\/www.diejuniors.com\/wp-content\/uploads\/2014\/12\/faq-belichtung6-480x305.jpg\" alt=\"faq-belichtung6\" width=\"480\" height=\"305\" srcset=\"https:\/\/www.diejuniors.com\/wp-content\/uploads\/2014\/12\/faq-belichtung6-480x305.jpg 480w, https:\/\/www.diejuniors.com\/wp-content\/uploads\/2014\/12\/faq-belichtung6-1024x650.jpg 1024w, https:\/\/www.diejuniors.com\/wp-content\/uploads\/2014\/12\/faq-belichtung6.jpg 1496w\" sizes=\"auto, (max-width: 480px) 100vw, 480px\" \/><\/a><figcaption id=\"caption-attachment-4498\" class=\"wp-caption-text\">Und so bearbeiten wir das in Final Cut Pro X. Zun\u00e4chst w\u00e4hlen wir die Szene und lassen uns in Wellenform die Helligkeitswerte anzeigen (Fensterbereich links oben). Die Anzeige geht von unten (sehr dunkel) bis oben (sehr hell). Man kann an der Wellenform erkennen: Die H\u00f6hen sind stark ausgepr\u00e4gt, die Mitten befinden sich ebenfalls im stark belichteten Bereich und die Schatten (also gewollt dunkle Bereiche) sind fast nicht ausgepr\u00e4gt. Das best\u00e4tigt auch das Vorschaubild der Mur\u00e4ne rechts. Die Bereiche, die in Wirklichkeit dunkel waren, hat unsere Kamera in einen grauen Matsch absaufen lassen. Das werden wir nun korrigieren.<\/figcaption><\/figure>\n<figure id=\"attachment_4497\" aria-describedby=\"caption-attachment-4497\" style=\"width: 480px\" class=\"wp-caption aligncenter\"><a href=\"http:\/\/www.diejuniors.com\/wp-content\/uploads\/2014\/12\/faq-belichtung5.jpg\"><img loading=\"lazy\" decoding=\"async\" class=\"wp-image-4497 size-medium\" src=\"http:\/\/www.diejuniors.com\/wp-content\/uploads\/2014\/12\/faq-belichtung5-480x305.jpg\" alt=\"faq-belichtung5\" width=\"480\" height=\"305\" srcset=\"https:\/\/www.diejuniors.com\/wp-content\/uploads\/2014\/12\/faq-belichtung5-480x305.jpg 480w, https:\/\/www.diejuniors.com\/wp-content\/uploads\/2014\/12\/faq-belichtung5-1024x650.jpg 1024w, https:\/\/www.diejuniors.com\/wp-content\/uploads\/2014\/12\/faq-belichtung5.jpg 1496w\" sizes=\"auto, (max-width: 480px) 100vw, 480px\" \/><\/a><figcaption id=\"caption-attachment-4497\" class=\"wp-caption-text\">Wir f\u00fcgen also eine Farbkorrektur hinzu und setzen die Farbs\u00e4ttigung der Szene auf Null &gt; wir erhalten also ein Schwarz Wei\u00df Bild. So k\u00f6nnen wir uns tats\u00e4chlich auf die Belichtung und nicht auf die Farben konzentrieren (die kommen sp\u00e4ter). Nun ver\u00e4ndern wir im rechten Fenster die die Belichtungswerte f\u00fcr Schatten (links), Mitten (mitte) und Beleuchtung \/ H\u00f6hen (rechter Regler). Wir beobachten dabei unsere Wellenanzeige und versuchen die Bereiche zwischen 0 Prozent Lumina (also sattes Schwarz) anzukratzen wie auch die H\u00f6hen bis 100% auszureizen &#8211; aber nicht dar\u00fcber hinaus (also \u00dcber- und Unterbelichtung vermeiden). Am Ende stellen wir die Farbs\u00e4ttigung wieder auf normal. Nun sollte die \u00dcberbelichtung korrigiert sein und die Mur\u00e4ne entspricht mehr der Realit\u00e4t.<\/figcaption><\/figure>\n<figure id=\"attachment_4496\" aria-describedby=\"caption-attachment-4496\" style=\"width: 480px\" class=\"wp-caption aligncenter\"><a href=\"http:\/\/www.diejuniors.com\/wp-content\/uploads\/2014\/12\/faq-belichtung4.jpg\"><img loading=\"lazy\" decoding=\"async\" class=\"wp-image-4496 size-medium\" src=\"http:\/\/www.diejuniors.com\/wp-content\/uploads\/2014\/12\/faq-belichtung4-480x270.jpg\" alt=\"faq-belichtung4\" width=\"480\" height=\"270\" srcset=\"https:\/\/www.diejuniors.com\/wp-content\/uploads\/2014\/12\/faq-belichtung4-480x270.jpg 480w, https:\/\/www.diejuniors.com\/wp-content\/uploads\/2014\/12\/faq-belichtung4-1024x576.jpg 1024w, https:\/\/www.diejuniors.com\/wp-content\/uploads\/2014\/12\/faq-belichtung4.jpg 1920w\" sizes=\"auto, (max-width: 480px) 100vw, 480px\" \/><\/a><figcaption id=\"caption-attachment-4496\" class=\"wp-caption-text\">Und hier die gleiche Szene nachdem die Belichtung korrigiert wurde. Vergleicht das mit der Originalaufnahme. Das hat schon einiges gebracht oder?<\/figcaption><\/figure>\n<p>&nbsp;<\/p>\n<ul>\n<li>Diese Belichtungskorrektur machen wir Szene f\u00fcr Szene! Ihr k\u00f6nnt Euch also vorstellen, dass dieser Vorgang manchmal aufwendiger ist und manchmal schnell erledigt ist. Das h\u00e4ngt wirklich stark von den Gegebenheiten beim Dreh ab.<\/li>\n<\/ul>\n<p>&nbsp;<\/p>\n<ul>\n<li><strong>Farbkorrektur \/ Weissabgleich<\/strong>. Unter Farbkorrektur versteht man, die in den Grundfarben ROT, GR\u00dcN und BLAU unterteilten Farbkanal-Werte die aufgezeichnet wurden, zum Wunschergebniss hin zu beeinflussen. Wir unterscheiden hier zwei Arten:\n<ul>\n<li>Die Kamera hat die Farben wie in der Realit\u00e4t erfasst (Wei\u00df wird unverf\u00e4rbt als Wei\u00df dargestellt etc.), wir wollen aber eine ganz bestimmte Stimmung oder &#8222;Looks&#8220; erzeugen (von d\u00fcster bis warm).<\/li>\n<li>Die Kamera hat bei der Aufnahme die Farben falsch interpretiert. Eigentlich wei\u00dfe Fl\u00e4chen sind von einer oder zwei Grundfarben stark beeinflusst (rot-,blau- oder gr\u00fcnstichig). Wir wollen die Grundfarben wieder aufeinander anpassen und so einen &#8222;Wei\u00dfabgleich&#8220; durchf\u00fchren. Insbesondere bei Unterwasseraufnahmen ist das erforderlich, da ab wenigen Meter Wassertiefe die Farbe Rot immer weniger zu sehen ist.<\/li>\n<li>Hier ein Beispiel einer Vorher \/ Nachher Farbkorrektur<\/li>\n<\/ul>\n<\/li>\n<\/ul>\n<p>&nbsp;<\/p>\n<figure id=\"attachment_4504\" aria-describedby=\"caption-attachment-4504\" style=\"width: 480px\" class=\"wp-caption aligncenter\"><a href=\"http:\/\/www.diejuniors.com\/wp-content\/uploads\/2014\/12\/faq-farbkorrektur3.jpg\"><img loading=\"lazy\" decoding=\"async\" class=\"wp-image-4504 size-medium\" src=\"http:\/\/www.diejuniors.com\/wp-content\/uploads\/2014\/12\/faq-farbkorrektur3-480x270.jpg\" alt=\"faq-farbkorrektur3\" width=\"480\" height=\"270\" srcset=\"https:\/\/www.diejuniors.com\/wp-content\/uploads\/2014\/12\/faq-farbkorrektur3-480x270.jpg 480w, https:\/\/www.diejuniors.com\/wp-content\/uploads\/2014\/12\/faq-farbkorrektur3-1024x576.jpg 1024w, https:\/\/www.diejuniors.com\/wp-content\/uploads\/2014\/12\/faq-farbkorrektur3.jpg 1920w\" sizes=\"auto, (max-width: 480px) 100vw, 480px\" \/><\/a><figcaption id=\"caption-attachment-4504\" class=\"wp-caption-text\">So hat die GoPro diese Szene interpretiert. Der rote Farbkanal wurde stark zur\u00fcckgedr\u00e4ngt, daf\u00fcr ist das Bild stark Gr\u00fcnstichig.<\/figcaption><\/figure>\n<figure id=\"attachment_4502\" aria-describedby=\"caption-attachment-4502\" style=\"width: 480px\" class=\"wp-caption aligncenter\"><a href=\"http:\/\/www.diejuniors.com\/wp-content\/uploads\/2014\/12\/faq-farbkorrektur1.jpg\"><img loading=\"lazy\" decoding=\"async\" class=\"wp-image-4502 size-medium\" src=\"http:\/\/www.diejuniors.com\/wp-content\/uploads\/2014\/12\/faq-farbkorrektur1-480x305.jpg\" alt=\"faq-farbkorrektur1\" width=\"480\" height=\"305\" srcset=\"https:\/\/www.diejuniors.com\/wp-content\/uploads\/2014\/12\/faq-farbkorrektur1-480x305.jpg 480w, https:\/\/www.diejuniors.com\/wp-content\/uploads\/2014\/12\/faq-farbkorrektur1-1024x650.jpg 1024w, https:\/\/www.diejuniors.com\/wp-content\/uploads\/2014\/12\/faq-farbkorrektur1.jpg 1496w\" sizes=\"auto, (max-width: 480px) 100vw, 480px\" \/><\/a><figcaption id=\"caption-attachment-4502\" class=\"wp-caption-text\">Final Cut Pro X best\u00e4tigt unseren ersten Eindruck, nachdem wir uns die sogenannte RGP Parade anzeigen lassen. Die Rotwerte sind zu schwach, die Gr\u00fcnwerte zu stark ausgepr\u00e4gt.<\/figcaption><\/figure>\n<figure id=\"attachment_4503\" aria-describedby=\"caption-attachment-4503\" style=\"width: 480px\" class=\"wp-caption aligncenter\"><a href=\"http:\/\/www.diejuniors.com\/wp-content\/uploads\/2014\/12\/faq-farbkorrektur2.jpg\"><img loading=\"lazy\" decoding=\"async\" class=\"wp-image-4503 size-medium\" src=\"http:\/\/www.diejuniors.com\/wp-content\/uploads\/2014\/12\/faq-farbkorrektur2-480x305.jpg\" alt=\"faq-farbkorrektur2\" width=\"480\" height=\"305\" srcset=\"https:\/\/www.diejuniors.com\/wp-content\/uploads\/2014\/12\/faq-farbkorrektur2-480x305.jpg 480w, https:\/\/www.diejuniors.com\/wp-content\/uploads\/2014\/12\/faq-farbkorrektur2-1024x650.jpg 1024w, https:\/\/www.diejuniors.com\/wp-content\/uploads\/2014\/12\/faq-farbkorrektur2.jpg 1496w\" sizes=\"auto, (max-width: 480px) 100vw, 480px\" \/><\/a><figcaption id=\"caption-attachment-4503\" class=\"wp-caption-text\">Nun ver\u00e4ndern wir behutsam die einzelnen RGB Werte, indem wir \u00e4hnlich wie bei der Belichtung die Farbwerte f\u00fcr Schatten, Mitten und Lichter anpassen.<\/figcaption><\/figure>\n<p>&nbsp;<\/p>\n<figure id=\"attachment_4505\" aria-describedby=\"caption-attachment-4505\" style=\"width: 480px\" class=\"wp-caption aligncenter\"><a href=\"http:\/\/www.diejuniors.com\/wp-content\/uploads\/2014\/12\/faq-farbkorrektur4.jpg\"><img loading=\"lazy\" decoding=\"async\" class=\"wp-image-4505 size-medium\" src=\"http:\/\/www.diejuniors.com\/wp-content\/uploads\/2014\/12\/faq-farbkorrektur4-480x270.jpg\" alt=\"faq-farbkorrektur4\" width=\"480\" height=\"270\" srcset=\"https:\/\/www.diejuniors.com\/wp-content\/uploads\/2014\/12\/faq-farbkorrektur4-480x270.jpg 480w, https:\/\/www.diejuniors.com\/wp-content\/uploads\/2014\/12\/faq-farbkorrektur4-1024x576.jpg 1024w, https:\/\/www.diejuniors.com\/wp-content\/uploads\/2014\/12\/faq-farbkorrektur4.jpg 1920w\" sizes=\"auto, (max-width: 480px) 100vw, 480px\" \/><\/a><figcaption id=\"caption-attachment-4505\" class=\"wp-caption-text\">Im Ergebnis erhalten wir ein wesentlich realistischeres Bild der Szene.<\/figcaption><\/figure>\n<p>&nbsp;<\/p>\n<ul>\n<li>\u00a0<strong>Titel und Effekte.<\/strong> Unsere Szenen sind nun also h\u00fcbsch aneinandergereiht und mit hoffentlich passender Musik versehen. Die Belichtung und Farben wurden korrigiert, wo es n\u00f6tig war. Nun f\u00fcgen wir wirklich nur dort, wo es unbedingt notwendig ist, Titel hinzu oder bauen Effekte ein. Wir vertreten allerdings den Standpunkt &#8222;weniger ist\u00a0 mehr&#8220;. Szenen sollten bestenfalls selbsterkl\u00e4rend sein. Wir wollen Euch also nicht von der Szene mit einer Titeleinblendung ablenken, sondern sprichtw\u00f6rtlich die Bilder sprechen lassen. Auch Effekte (wie Bild-in-Bild oder Vignetten) setzen wir sehr sparsam ein.<\/li>\n<\/ul>\n<p>&nbsp;<\/p>\n<ul>\n<li><strong> Abnahme. \ud83d\ude09<\/strong> Nun lassen wir das Video reifen und schauen es uns erst nach\u00a0zwei bis\u00a0drei Tagen wieder an. Wenn es uns dann immer noch gef\u00e4llt, bereiten wir es f\u00fcr den Export vor.<\/li>\n<\/ul>\n<p>&nbsp;<\/p>\n<ul>\n<li><strong>Export und Konvertierung.<\/strong> Dadurch, dass wir in 1080P und somit in Bluray Qualit\u00e4t filmen, sind die Datenmengen durchaus beeindruckend. Der Export einer Folge aus Final Cut Pro X von knapp 8 Minuten ist knapp 1 Gigabyte gro\u00df. Diese Datei exportieren mit Hilfe von Apple Compressor, um das Beste Ergebnis f\u00fcr das Videostreaming bei Youtube zu erzielen.<\/li>\n<\/ul>\n<ul>\n<li><strong>Thumbnail erstellen.<\/strong> Nun m\u00fcssen wir uns noch ein passenden Vorschaubild f\u00fcr Youtube erstellen (das sogenannte Thumbnail). Dieses Bild wird auf unseren Youtube Kanal und bei den Suchergebnissen angezeigt. Wir versuchen m\u00f6glichst f\u00fcr jede Reise einen Wiedererkennunswert zu generieren. Auch sollte das Thumbnail schon eine Aussagekraft zum Inhalt haben, zum Beispiel Ort und Folgennummer anzeigen.<\/li>\n<\/ul>\n<p>&nbsp;<\/p>\n<ul>\n<li><strong>Youtube Upload.<\/strong> Als n\u00e4chstes laden wir die Datei hoch auf den Youtube Server. Das kann unter Umst\u00e4nden einige Stunden dauern. Sobald das Video angekommen ist, wird es allerdings als &#8222;nicht gelistet&#8220; der \u00d6ffentlichtkeit noch vorenthalten. Wir wollen ja das Video zeitgleich mit dem Artikel ver\u00f6ffentlichen.<\/li>\n<\/ul>\n<p>&nbsp;<\/p>\n<ul>\n<li><strong>Artikel Erstellung.<\/strong> Nun lassen wir den Tag noch einmal Revue passieren und berichten in Wort und Bild \u00fcber unserer Erlebnisse. Dabei nehmen wir Bezug auf die Videoinhalte, aber geben durchaus weitere Tipps und Erfahrungen preis. Passende Fotos werden herausgesucht, nachbearbeitet, konvertiert (insbesondere die Dateigr\u00f6\u00dfe massiv f\u00fcrs Web reduziert) und hochgeladen. Anschlie\u00dfend wird jedes Foto noch entsprechend kommentiert, so dass wir letztlich auch im Artikel eine Geschichte des Tages nacherz\u00e4hlen k\u00f6nnen. Der letzte Schritt ist nun die Einbindung des Videos in den Artikel. Insgesamt verbringen wir also mit der Artikelerstellung und Bildbearbeitung knapp\u00a0zwei bis\u00a0drei Stunden, bis alles passt.<\/li>\n<\/ul>\n<figure id=\"attachment_4511\" aria-describedby=\"caption-attachment-4511\" style=\"width: 480px\" class=\"wp-caption aligncenter\"><a href=\"http:\/\/www.diejuniors.com\/wp-content\/uploads\/2014\/12\/faq-artikel.jpg\"><img loading=\"lazy\" decoding=\"async\" class=\"wp-image-4511 size-medium\" src=\"http:\/\/www.diejuniors.com\/wp-content\/uploads\/2014\/12\/faq-artikel-480x439.jpg\" alt=\"faq-artikel\" width=\"480\" height=\"439\" srcset=\"https:\/\/www.diejuniors.com\/wp-content\/uploads\/2014\/12\/faq-artikel-480x439.jpg 480w, https:\/\/www.diejuniors.com\/wp-content\/uploads\/2014\/12\/faq-artikel-1024x937.jpg 1024w, https:\/\/www.diejuniors.com\/wp-content\/uploads\/2014\/12\/faq-artikel.jpg 1366w\" sizes=\"auto, (max-width: 480px) 100vw, 480px\" \/><\/a><figcaption id=\"caption-attachment-4511\" class=\"wp-caption-text\">So sieht unsere typische Arbeitsoberfl\u00e4che bei der Artikelbearbeitung aus (WordPress)<\/figcaption><\/figure>\n<p>&nbsp;<\/p>\n<ul>\n<li><strong>Publikation auf allen Kan\u00e4len.<\/strong> Alles ist fertig, wir publizieren nun auf allen Kan\u00e4len. Wir schalten das Video bei Youtube f\u00fcr die \u00d6ffentlichkeit frei, nachdem wir den Aufmachertext des Artikels hinzugef\u00fcgt haben. Dann schalten wir den Artikel auf unserer Website frei. Zuletzt posten wir die Links zum Video und Artikel bei Facebook und anderen Kan\u00e4len (z.B. in\u00a0Foren).<\/li>\n<\/ul>\n<p>&nbsp;<\/p>\n<ul>\n<li><strong>FERTIG!<\/strong> Nach\u00a0zehn bis zw\u00f6lf Stunden Arbeit ist eine weitere Episode online gegangen &#8211; und wir warten gespannt, ob Euch diese gefallen wird. Wir freuen uns also wirklich \u00fcber jeden Kommentar und jeden Daumen hoch. \ud83d\ude09<\/li>\n<\/ul>\n<p>&nbsp;<\/p>\n<h2><strong>\u00a0<\/strong><\/h2>\n","protected":false},"excerpt":{"rendered":"<p>Ihr m\u00f6chtet gern wissen, wie unsere Reiseberichte entstehen? Wir haben auf dieser Seite die verschiedenen Fragen aufgegriffen und im Detail den Entstehungsprozess und auch unsere<\/p>\n","protected":false},"author":1,"featured_media":0,"parent":4370,"menu_order":20,"comment_status":"closed","ping_status":"closed","template":"","meta":{"footnotes":""},"class_list":["post-5529","page","type-page","status-publish","hentry"],"_links":{"self":[{"href":"https:\/\/www.diejuniors.com\/index.php?rest_route=\/wp\/v2\/pages\/5529","targetHints":{"allow":["GET"]}}],"collection":[{"href":"https:\/\/www.diejuniors.com\/index.php?rest_route=\/wp\/v2\/pages"}],"about":[{"href":"https:\/\/www.diejuniors.com\/index.php?rest_route=\/wp\/v2\/types\/page"}],"author":[{"embeddable":true,"href":"https:\/\/www.diejuniors.com\/index.php?rest_route=\/wp\/v2\/users\/1"}],"replies":[{"embeddable":true,"href":"https:\/\/www.diejuniors.com\/index.php?rest_route=%2Fwp%2Fv2%2Fcomments&post=5529"}],"version-history":[{"count":4,"href":"https:\/\/www.diejuniors.com\/index.php?rest_route=\/wp\/v2\/pages\/5529\/revisions"}],"predecessor-version":[{"id":5539,"href":"https:\/\/www.diejuniors.com\/index.php?rest_route=\/wp\/v2\/pages\/5529\/revisions\/5539"}],"up":[{"embeddable":true,"href":"https:\/\/www.diejuniors.com\/index.php?rest_route=\/wp\/v2\/pages\/4370"}],"wp:attachment":[{"href":"https:\/\/www.diejuniors.com\/index.php?rest_route=%2Fwp%2Fv2%2Fmedia&parent=5529"}],"curies":[{"name":"wp","href":"https:\/\/api.w.org\/{rel}","templated":true}]}}